{"id":153,"date":"2022-10-17T14:15:27","date_gmt":"2022-10-17T17:15:27","guid":{"rendered":"http:\/\/www.anpepro.org.br\/eppgep2023\/?page_id=153"},"modified":"2025-11-14T14:56:46","modified_gmt":"2025-11-14T17:56:46","slug":"programacao","status":"publish","type":"page","link":"https:\/\/www.anpepro.org.br\/eppgep2025\/programacao\/","title":{"rendered":"Programa\u00e7\u00e3o"},"content":{"rendered":"<h2><a href=\"http:\/\/www.anpepro.org.br\/eppgep2025\/wp-content\/uploads\/2025\/11\/ENPPEPRO-e-EPPGEP-2025-Programacao-Completa-COM-CHAIRS.pdf\">Programa\u00e7\u00e3o Final<\/a><\/h2>\n<p style=\"font-weight: 400;\">Prezadas(os) Coordenadoras (es) de PPGs, Docentes e Discentes,<\/p>\n<p style=\"font-weight: 400;\">Apresentamos a <a href=\"http:\/\/www.anpepro.org.br\/eppgep2025\/wp-content\/uploads\/2025\/11\/ENPPEPRO-e-EPPGEP-2025-Programacao-Completa-COM-CHAIRS.pdf\">programa\u00e7\u00e3o final<\/a>\u00a0do EPPGEP 2025 com os hor\u00e1rios das apresenta\u00e7\u00f5es dos trabalhos de Doutorado (DO), Mestrado Acad\u00eamico (MA), Mestrado Profissional (MP) e Produto Tecnol\u00f3gico (PT).<\/p>\n<p style=\"font-weight: 400;\">O documento com os anais do evento est\u00e1 dispon\u00edvel abaixo:<\/p>\n<h2><a href=\"http:\/\/www.anpepro.org.br\/eppgep2025\/wp-content\/uploads\/2025\/11\/Anais-IX-EPPGEP-2025.pdf\">Anais do IX EPPGEP 2025<\/a><\/h2>\n<p style=\"font-weight: 400;\">Qualquer d\u00favida, estamos \u00e0 disposi\u00e7\u00e3o.<\/p>\n<p style=\"font-weight: 400;\">Cordiais sauda\u00e7\u00f5es,<\/p>\n<p style=\"font-weight: 400;\">Comiss\u00e3o Organizadora do EPPGEP 2025<\/p>\n<div style=\"width: 480px;\" class=\"wp-video\"><video class=\"wp-video-shortcode\" id=\"video-153-1\" width=\"480\" height=\"848\" preload=\"metadata\" controls=\"controls\"><source type=\"video\/mp4\" src=\"http:\/\/www.anpepro.org.br\/eppgep2025\/wp-content\/uploads\/2025\/08\/Video-2025.mp4?_=1\" \/><a href=\"http:\/\/www.anpepro.org.br\/eppgep2025\/wp-content\/uploads\/2025\/08\/Video-2025.mp4\">http:\/\/www.anpepro.org.br\/eppgep2025\/wp-content\/uploads\/2025\/08\/Video-2025.mp4<\/a><\/video><\/div>\n<h2><strong>Homologa\u00e7\u00e3o das Submiss\u00f5es<\/strong><\/h2>\n<ul>\n<li><a href=\"http:\/\/www.anpepro.org.br\/eppgep2025\/wp-content\/uploads\/2025\/06\/EPPGEP-2025-Trabalhos-homologados.pdf\">Trabalhos submetidos ao EPPGEP 2025<\/a><\/li>\n<\/ul>\n","protected":false},"excerpt":{"rendered":"<p>Programa\u00e7\u00e3o Final Prezadas(os) Coordenadoras (es) de PPGs, Docentes e Discentes, Apresentamos a programa\u00e7\u00e3o final\u00a0do EPPGEP 2025 com os hor\u00e1rios das apresenta\u00e7\u00f5es dos trabalhos de Doutorado (DO), Mestrado Acad\u00eamico (MA), Mestrado Profissional (MP) e Produto Tecnol\u00f3gico (PT). O documento com os anais do evento est\u00e1 dispon\u00edvel abaixo: Anais do IX EPPGEP 2025 Qualquer d\u00favida, estamos \u00e0 &hellip; <\/p>\n","protected":false},"author":2,"featured_media":0,"parent":0,"menu_order":0,"comment_status":"closed","ping_status":"closed","template":"","meta":{"footnotes":""},"class_list":["post-153","page","type-page","status-publish","hentry"],"_links":{"self":[{"href":"https:\/\/www.anpepro.org.br\/eppgep2025\/wp-json\/wp\/v2\/pages\/153","targetHints":{"allow":["GET"]}}],"collection":[{"href":"https:\/\/www.anpepro.org.br\/eppgep2025\/wp-json\/wp\/v2\/pages"}],"about":[{"href":"https:\/\/www.anpepro.org.br\/eppgep2025\/wp-json\/wp\/v2\/types\/page"}],"author":[{"embeddable":true,"href":"https:\/\/www.anpepro.org.br\/eppgep2025\/wp-json\/wp\/v2\/users\/2"}],"replies":[{"embeddable":true,"href":"https:\/\/www.anpepro.org.br\/eppgep2025\/wp-json\/wp\/v2\/comments?post=153"}],"version-history":[{"count":64,"href":"https:\/\/www.anpepro.org.br\/eppgep2025\/wp-json\/wp\/v2\/pages\/153\/revisions"}],"predecessor-version":[{"id":655,"href":"https:\/\/www.anpepro.org.br\/eppgep2025\/wp-json\/wp\/v2\/pages\/153\/revisions\/655"}],"wp:attachment":[{"href":"https:\/\/www.anpepro.org.br\/eppgep2025\/wp-json\/wp\/v2\/media?parent=153"}],"curies":[{"name":"wp","href":"https:\/\/api.w.org\/{rel}","templated":true}]}}